{"id":565,"date":"2012-02-04T23:21:29","date_gmt":"2012-02-04T23:21:29","guid":{"rendered":"https:\/\/www.cuellar.es\/murallasdecuellar\/?page_id=565"},"modified":"2012-02-08T06:09:36","modified_gmt":"2012-02-08T06:09:36","slug":"referencia-a-las-murallas-en-documentos-antiguos","status":"publish","type":"page","link":"https:\/\/www.cuellar.es\/murallasdecuellar\/las-murallas-de-cuellar\/las-murallas-de-cuellar-en-la-documentacion-historica\/referencia-a-las-murallas-en-documentos-antiguos\/","title":{"rendered":"Referencia a las Murallas en Documentos Antiguos"},"content":{"rendered":"<p><!--:es--><strong><img decoding=\"async\" class=\"alignleft  wp-image-821\" title=\"librO\" src=\"https:\/\/www.cuellar.es\/murallasdecuellar\/wp-content\/uploads\/2012\/02\/librO.jpg\" alt=\"\" width=\"250\" srcset=\"https:\/\/www.cuellar.es\/murallasdecuellar\/wp-content\/uploads\/2012\/02\/librO.jpg 300w, https:\/\/www.cuellar.es\/murallasdecuellar\/wp-content\/uploads\/2012\/02\/librO-225x300.jpg 225w\" sizes=\"(max-width: 300px) 100vw, 300px\" \/>1.- A\u00d1O 1264. <\/strong>El rey Alfonso X comunica al Concejo de la Villa de Cu\u00e9llar que se repare la muralla con la recaudaci\u00f3n de impuestos: <em>\u201c\u2026 por facervos bien e mer\u00e7ed catando que los muros de la villa e otross\u00ed las puentes que avades mucho menester son a pro e a guarda de vos, e que son cosas de que vos avedes mucho a servir, e que non podedes escusar, tenemos por bien que las calo\u00f1as que fueren por raz\u00f3n de los exidos que sean para estas cosas sobredichas. E que dedes dos omnes bonos que lo recabden, e estos que lo metan en labrar los muros e las puertas\u2026\u201d<\/em> . Ubieto Artera, Antonio. Colecci\u00f3n Diplom\u00e1tica de Cu\u00e9llar. 1961.<\/p>\n<p><strong>2.- A\u00f1o 1306<\/strong>. Fernando IV ordena que las penas por labrar los ejidos se dediquen a la construcci\u00f3n y a la conservaci\u00f3n de la muralla.<\/p>\n<p><strong>3.- A\u00f1o 1306<\/strong>. El Concejo solicita al rey Enrique II que cediese para reparo de los muros parte de las heredades que hab\u00edan sido de Juana de Castro, viuda del rey\u00a0 Pedro I<\/p>\n<p><strong>4.- A\u00f1o 1331<\/strong>. El rey Alfonso XI recuerda al Concejo de la Villa la concesi\u00f3n de su padre el rey Fernando IV que parte del fruto recogido en su t\u00e9rmino se pudiera dedicar a la restauraci\u00f3n de las murallas. AHMC: Secci\u00f3n I. n\u00ba 17.<\/p>\n<p><strong>5.- A\u00f1o 1333<\/strong>.\u00a0 Cesi\u00f3n de unas casas en el Barrio de Los Moros enfrente de la puerta de la barrera del Mercado, <em> <\/em><em>\u201c\u2026 <\/em><em>e a uos, don Gon\u00e7alo, cl\u00e9rigo de Ssant Mart\u00edn, e a uos, Gil Gar\u00e7\u00eda, cl\u00e9rigo de Ssant Ssaluador, vnas casas que yo he en Varrio de Moros, enffruen\/te de la puerta de la barrera de Mercado, que sson en ssurco de casas de ffiios de Moharex, de la vna parte; e de la otra parte, casas de ffue\/ron de Al\u00ed Assadura,\u2026\u201d. <\/em>Colecci\u00f3n diplom\u00e1tica de Cu\u00e9llar, doc. 85.<\/p>\n<p><strong>6.- A\u00f1o 1347<\/strong>. El Concejo\u00a0 de Cu\u00e9llar pretende que <em>\u201clas heredades, suelos y vasallos que ten\u00eda la difunta do\u00f1a Juana de Castro\u201d<\/em>\u00a0 pasaran a ser bienes propios del Concejo, sirviendo para repara los muros. Ubieto Artera, Antonio. Colecci\u00f3n Diplom\u00e1tica de Cu\u00e9llar. Doc. 192. 1961.<\/p>\n<p><strong>7.- A\u00f1o 1380<\/strong>.\u00a0 La reina D\u00aa Leonor, mujer de Juan I de Castilla, entre otra \u00f3rdenes dispone que \u201c\u2026 <em>e m\u00e1s por treszientos maraved\u00eds a cada uno para los muros de la dicha Villa\u2026\u201d.<\/em><\/p>\n<p><strong>8.- A\u00f1o 1380<\/strong>. La reina do\u00f1a Leonor ordena que los caballeros, escuderos, due\u00f1as y doncellas de la Villa paguen en puentes, fuentes y muros, \u2026.. y que los cl\u00e9rigos, jud\u00edos y moros paguen su parte \u2026.. en puentes, fuentes y muros.<\/p>\n<p><strong>9.- A\u00f1o 1396<\/strong>. El infante Fernando de Antequera manda al Concejo de Cu\u00e9llar que proh\u00edba meter a la Villa vino de fuera de la Comunidad bajo pena de 300 maraved\u00eds, \u2026 que una parte de la recaudaci\u00f3n ir\u00eda a la muralla.<\/p>\n<p><strong>10.- A\u00f1o 1403. <\/strong>El 13 de febrero el Infante don Fernando de Lara, se\u00f1or de Cu\u00e9llar, resuelve algunas cuestiones en litigio. Una de ellas referente a los 30.000 maraved\u00eds con los que todos los moradores de la Villa y Tierra (incluyendo cl\u00e9rigos, caballeros, caballeros, escuderos, due\u00f1as y doncellas) deb\u00edan contribuir a la reparaci\u00f3n de los muros de la Villa. A.H.M. de Cu\u00e9llar. Secci\u00f3n I. n\u00ba 129.<\/p>\n<p><strong>11.- A\u00f1o 1412<\/strong>. Juan II deniega al Concejo la petici\u00f3n de que las heredades de do\u00f1a Juana de Castro, ya fallecida, quedasen para reparaci\u00f3n de los muros.<\/p>\n<p><strong>12.- A\u00f1o 1421<\/strong>. Juan, obispo de Segovia, manda que se re\u00fanan las representaciones del cabildo y el Concejo de Cu\u00e9llar para determinar c\u00f3mo deb\u00edan contribuir los cl\u00e9rigos\u00a0 en la reparaci\u00f3n de puentes, muros,\u2026.<\/p>\n<p><strong>13.- A\u00f1o 1427.<\/strong> El cabildo de Cu\u00e9llar y los cl\u00e9rigos de las aldeas se niegan al pago de los tributos que les ped\u00eda el Concejo para la reparaci\u00f3n de cercas, puentes y caminos. Resolvi\u00e9ndose el pleito judicialmente ordenando el pago de 500 maraved\u00eds que deb\u00edan hacer anualmente los cl\u00e9rigos.\u00a0 Ubieto Artera, Antonio. Colecci\u00f3n Diplom\u00e1tica de Cu\u00e9llar. 1961.<\/p>\n<p><strong>14.- A\u00f1o 1427<\/strong>. Juan de Navarra, infante de Arag\u00f3n, se\u00f1or de Cu\u00e9llar, manda al concejo de la villa que permitan al arcediano G\u00f3mez Gonz\u00e1lez que levante el edificio que destina a hospital de pobres, puesto bajo la advocaci\u00f3n de Santa Mar\u00eda Magdalena, aunque le construya encima del muro de la villa y le sobrepase por encima y fuera de la barrera, dejando a salvo el paso y lugar y desembargo para la ronda y defensa del muro, y comprometi\u00e9ndose a que, en caso de necesidad y si el concejo lo entend\u00eda fundamental para la defensa de la villa, el hospital pudiera ser derribado.<\/p>\n<p><strong>15.- A\u00f1o 1427. <\/strong>Petici\u00f3n del Concejo de la Villa al rey Juan de Navarra para que no ordene se pague el impuesto en las compraventas que se hacen en la Villa para obtener dinero con que reparar los muros y defensa de los t\u00e9rminos\u00a0 <em>\u201c\u2026 que todas las cosas que se compraren\/ e vendiesen en la dicha villa que de cada maraved\u00ed se pagase una meaja para rrepara\u00e7i\u00f3n de los muros\/ e barreras e cavas e\u2026\u201d<\/em><\/p>\n<p><strong>16.- A\u00f1o 1429<\/strong>. Juan, obispo de Segovia. Pregunta al arcediano G\u00f3mez Gonz\u00e1lez que le informe del estudio de la ermita de San Crist\u00f3bal de la Encina que se encuentra en el arrabal de la Villa, fuera de los muros.<\/p>\n<p><strong><br \/>\n17.- A\u00f1o 1430<\/strong>. Donaciones del arcediano G\u00f3mez Gonz\u00e1lez al hospital de Santa Mar\u00eda Magdalena en las que hace una amplia descripci\u00f3n de las pertenencias y dependencia del hospital con referencias\u00a0 a la muralla.<\/p>\n<p><strong>18.- A\u00f1o 1438<\/strong>. Memorial de los derechos de G\u00f3mez Gonz\u00e1lez que fueron anexados al estudio de Gram\u00e1tica\u2026 en el que se dice que el hospital no debe pagar tributos para la reparaci\u00f3n de puentes, fuentes o muros.<\/p>\n<p><strong>19.- A\u00f1o 1445<\/strong>. Alfonso Ruiz de Villena toma posesi\u00f3n de la Villa en nombre de Don \u00c1lvaro de Luna haci\u00e9ndose el pleito homenaje en la \u201cpuerta de San Pedro\u201d.<\/p>\n<p><strong>20.- A\u00f1o 1473<\/strong>. Relata el escribano de la Villa una donaci\u00f3n a la iglesia de Santa Mar\u00eda de La Cuesta que se encuentra<em> \u201cfuera de los muros de la dicha Villa\u201d.<\/em><\/p>\n<p><strong>21.-<\/strong> <strong>A\u00f1o 1484<\/strong>. El 2 de Junio de 1484 el Concejo de Cu\u00e9llar manda al mayordomo Pedro S\u00e1nchez que compre 500 fanegas \u201cde cal en piedra\u201d para reparar la cerca desde la puerta de Carchena hacia arriba. Libro de Regimientos.<\/p>\n<p><strong>22.- A\u00f1o 1499<\/strong>. Ordenanzas de la Villa y Tierra de Cu\u00e9llar de 1499.<\/p>\n<p>Ley 54. Sobre los que lleven madera hasta media legua fuera de la raya<em>. \u201c\u2026.puedan prender fuera del t\u00e9rmino en tanto espacio quanto ay desde la puerta de Sant\u00a0 Pedro fasta la Tinidad e no m\u00e1s\u2026.\u201d<\/em><\/p>\n<p><em>Ley 139. Sobre los que echan vacinadas desde las casas e en las fuentes o en las calles. \u201cOtrosi, hordenamos que cualquier persona que en la pla\u00e7a e en las calles de los muros adentro e echaren la bacinada, que caya en pena \u2026\u201d<\/em><\/p>\n<p><strong style=\"font-size: 13px;\"><img loading=\"lazy\" decoding=\"async\" class=\"alignright size-full wp-image-822\" style=\"border-style: initial; border-color: initial;\" title=\"libro1\" src=\"https:\/\/www.cuellar.es\/murallasdecuellar\/wp-content\/uploads\/2012\/02\/libro1.jpg\" alt=\"\" width=\"300\" height=\"225\" \/><\/strong><\/p>\n<p><em>Ley 140. Sobre echen basura en las calles o en la pla\u00e7a o lavan en las fuentes. \u201cOtrosi, hordenamos que ninguno sea osado en echar en la pla\u00e7a, ni en las callesde los muros adentro basura ni esti\u00e9rcol \u2026.\u201d.<\/em><\/p>\n<p><em>Ley 141. Sobre los que eharen esti\u00e9rcol cerca de la varrera o de las puertas de la Villa. \u201cOtrosi, hordenamos que cualquier persona vezino de la dicha Villa es us arrabales que echaren esti\u00e9rcol, diez pasadas de la varrera o quinze pasadas de qualquiera puerta de la dicha Villa, oficiese muradal\u2026\u201d<\/em><\/p>\n<p><em>Ley 175. De qu\u00e9 medida han de ser las tapias.<\/em><\/p>\n<p><em>\u201c\u2026\u2026 ordenamos que de aqu\u00ed en adelante ningund oficial faga tapias de menos de diez pies de largo e cinco de alto \u2026\u201d<\/em><\/p>\n<p><strong>23.- A\u00f1o 1518<\/strong>. Venta de una casa en el Barrio Nuevo\u00a0 \u201c<em>\u2026 Por detr\u00e1s cava de la muralla \u2026\u2026. <\/em><em>unas casas tejadas con su corral que est\u00e1n al Barrio Nuevo, cabe la puerta del Barrio Nuevo<\/em><em>.\u201d\u00a0 <\/em>Secci\u00f3n II, Leg. 45 n\u00ba 2. AHMC<\/p>\n<p><strong>24.- A\u00f1o 1525<\/strong>. Venta de una huerta al Concejo en el arrabal de San Andr\u00e9s para hacer una calle tras la barrera. Secci\u00f3n II. Leg. 25. N\u00ba 50. AHMC<\/p>\n<p><strong>25.- A\u00f1o 1525<\/strong>.\u00a0 El II\u00ba duque de Alburquerque, don Francisco Fern\u00e1ndez de la Cueva, en su testamento da cuenta de que mand\u00f3 <em>\u201clabrar la cerca de la muela de \u00e9sta mi Villa de Cu\u00e9llar\u2026\u201d.<\/em><\/p>\n<p><strong>26.- A\u00f1o 1546<\/strong>. <em>Ordenanzas de la Villa y Tierra de Cu\u00e9llar de 1546.<\/em><\/p>\n<p>Ley 162.\u00a0 Sobre la imposici\u00f3n de fuertes penas para los que quiten piedras de las cercas, puentes y fuentes <em>\u201cSo pena que por cada vez que sea visto derribar o quitar qualquiera piedra de las dichas cercas caiga en pena de treszientos maraved\u00eds y m\u00e1s diez d\u00edas de c\u00e1rcel\u201d<\/em><\/p>\n<p>Ley 300. <em>Sobre los que echen basuras, hagan muradales, \u2026 o hizieren muradales de los muros adentro ni en la barrera \u2026.\u201d<\/em><\/p>\n<p><em>Ley 301. Que de los muros adentro no haya cosa suzia. Otros\u00ed, que ninguno sea ossado (sic) de echar en la pla\u00e7a ni en las calles de los muros adentro ni en las calles de los arrabales \u2026\u201d<\/em><\/p>\n<p><em>Ley 302. Que ninguno haga muradales en la Villa ni arrabales ni alrededor de las cercas ni otras partes. \u201cOrdenamos que ninguno eche basura en calle ni pla\u00e7a de esta Villa ni a las puertas ni tras las casas, ni en la calle que va de la puerta de Santa Marina a San Blas ni en la calle delante del tinte ni en otras calles p\u00fablicas, ni en las puertas de la Villa ni a par de ellas ni a ninguna de ellas, ni alrededor (sic) de los muros de esta dicha Villa con cincuenta pies ni en las barreras de ella \u2026.\u201d<\/em><\/p>\n<p><strong>27.- A\u00f1o 1546<\/strong>. La ley 302 de las <em>Ordenanzas de 1546 <\/em> demuestra el inter\u00e9s por la muralla cuando comenta \u201c<em>Que ninguno haga muradales en la Villa ni arrabales ni alrededor de las cercas ni otras partes\u201d<\/em> en la que tambi\u00e9n se proh\u00edbe dejar basuras <em>\u201calrededor (sic) de los muros de esta dicha Villa con cincuenta pies ni en las barreras de ella\u2026\u201d<\/em><\/p>\n<p><strong>28.- A\u00f1o 1587<\/strong>. Concierto entre el Concejo y un vecino sobre las condiciones a cumplir para construir una casa en la clonaci\u00f3n de San Pedro para poder meter vigas en la muralla. Secci\u00f3n. II legajo. 25, n\u00ba 80.<\/p>\n<p><strong>29.- A\u00f1o 1611<\/strong>. Refiere de unas casas que estaban en la parroquia de San Esteban que lindaban por atr\u00e1s con la muralla y delante con la calle Real. Seci\u00f3n II. Leg. 25.n\u00ba 2.<\/p>\n<p><strong>30.- A\u00f1o 1617. <\/strong>Venta de una huerta hacia el convento de la Trinidad junto a la muralla. Secci\u00f3n II. Leg. 12. N\u00ba 38.<\/p>\n<p><strong>31.- A\u00f1o 1619<\/strong>. En el libro de Acuerdos del Ayuntamiento se da cuenta de que se castigaba a quienes se llevaban piedras de las murallas.<\/p>\n<p><strong>32.- A\u00f1o 1649<\/strong>. . En el libro de Acuerdos del Ayuntamiento se da cuenta de que se castigaba a quienes se llevaban piedras de las murallas.<\/p>\n<p><strong>33.- A\u00f1o 1710<\/strong>. Se derriba uno de los arcos que compon\u00edan el de Carchena.<\/p>\n<p><strong>34.- A\u00f1o 1777<\/strong>. El arco de la Trinidad amenazaba ruina<\/p>\n<p><strong>35.- A\u00f1o 1842<\/strong>. El pa\u00f1o de la muralla junto al Estudio de Gram\u00e1tica amenazaba ruina.<\/p>\n<p><strong>36.- A\u00f1o 1842<\/strong>. Se mandan desmontar las hojas de las puertas de Carchena y San Andr\u00e9s para evitar que su peso no incidiera en su mal estado.<!--:--><!--:en--><strong>1.- A\u00d1O 1264. <\/strong>El rey Alfonso X comunica al Concejo de la Villa de Cu\u00e9llar que se repare la muralla con la recaudaci\u00f3n de impuestos: <em>\u201c\u2026 por facervos bien e mer\u00e7ed catando que los muros de la villa e otross\u00ed las puentes que avades mucho menester son a pro e a guarda de vos, e que son cosas de que vos avedes mucho a servir, e que non podedes escusar, tenemos por bien que las calo\u00f1as que fueren por raz\u00f3n de los exidos que sean para estas cosas sobredichas. E que dedes dos omnes bonos que lo recabden, e estos que lo metan en labrar los muros e las puertas\u2026\u201d<\/em> . Ubieto Artera, Antonio. Colecci\u00f3n Diplom\u00e1tica de Cu\u00e9llar. 1961.<\/p>\n<p><strong><br \/>\n<\/strong><\/p>\n<p>&nbsp;<\/p>\n","protected":false},"excerpt":{"rendered":"<p>1.- A\u00d1O 1264. El rey Alfonso X comunica al Concejo de la Villa de Cu\u00e9llar que se repare la muralla con la recaudaci\u00f3n de impuestos: \u201c\u2026 por facervos bien e mer\u00e7ed catando que los muros de la villa e otross\u00ed las puentes que avades mucho menester son a pro e a guarda de vos, e &hellip; <\/p>\n<p><a class=\"more-link btn\" href=\"https:\/\/www.cuellar.es\/murallasdecuellar\/las-murallas-de-cuellar\/las-murallas-de-cuellar-en-la-documentacion-historica\/referencia-a-las-murallas-en-documentos-antiguos\/\">Seguir leyendo<\/a><\/p>\n","protected":false},"author":4,"featured_media":821,"parent":563,"menu_order":1,"comment_status":"closed","ping_status":"closed","template":"","meta":{"ngg_post_thumbnail":0,"footnotes":""},"class_list":["post-565","page","type-page","status-publish","has-post-thumbnail","hentry","nodate","item-wrap"],"_links":{"self":[{"href":"https:\/\/www.cuellar.es\/murallasdecuellar\/wp-json\/wp\/v2\/pages\/565","targetHints":{"allow":["GET"]}}],"collection":[{"href":"https:\/\/www.cuellar.es\/murallasdecuellar\/wp-json\/wp\/v2\/pages"}],"about":[{"href":"https:\/\/www.cuellar.es\/murallasdecuellar\/wp-json\/wp\/v2\/types\/page"}],"author":[{"embeddable":true,"href":"https:\/\/www.cuellar.es\/murallasdecuellar\/wp-json\/wp\/v2\/users\/4"}],"replies":[{"embeddable":true,"href":"https:\/\/www.cuellar.es\/murallasdecuellar\/wp-json\/wp\/v2\/comments?post=565"}],"version-history":[{"count":6,"href":"https:\/\/www.cuellar.es\/murallasdecuellar\/wp-json\/wp\/v2\/pages\/565\/revisions"}],"predecessor-version":[{"id":827,"href":"https:\/\/www.cuellar.es\/murallasdecuellar\/wp-json\/wp\/v2\/pages\/565\/revisions\/827"}],"up":[{"embeddable":true,"href":"https:\/\/www.cuellar.es\/murallasdecuellar\/wp-json\/wp\/v2\/pages\/563"}],"wp:featuredmedia":[{"embeddable":true,"href":"https:\/\/www.cuellar.es\/murallasdecuellar\/wp-json\/wp\/v2\/media\/821"}],"wp:attachment":[{"href":"https:\/\/www.cuellar.es\/murallasdecuellar\/wp-json\/wp\/v2\/media?parent=565"}],"curies":[{"name":"wp","href":"https:\/\/api.w.org\/{rel}","templated":true}]}}