{"id":544,"date":"2012-02-04T23:04:33","date_gmt":"2012-02-04T23:04:33","guid":{"rendered":"https:\/\/www.cuellar.es\/murallasdecuellar\/?page_id=544"},"modified":"2012-02-04T23:04:33","modified_gmt":"2012-02-04T23:04:33","slug":"la-puerta-de-san-andres","status":"publish","type":"page","link":"https:\/\/www.cuellar.es\/murallasdecuellar\/las-murallas-de-cuellar\/descripcion-de-las-murallas\/recinto-murado-de-la-ciudad\/tramo-5-de-la-puerta-de-san-andres-a-la-puerta-de-la-juderia\/la-puerta-de-san-andres\/","title":{"rendered":"La Puerta de San Andr\u00e9s"},"content":{"rendered":"<p>Puerta de San Andr\u00e9s o puerta de Barrio Nuevo, como se conoc\u00eda al final de la Edad Media. \u00a0De lo que fue una importante puerta solamente se conserva el \u00a0arco exterior de la puerta que es de estilo mud\u00e9jar y est\u00e1 reforzado por un arco de siller\u00eda que adosa sus dovelas al arco de ladrillo. El arco es ligeramente apuntado y enmarcado en un alfiz de ladrillos en el que en su parte superior aparece el escudo del Concejo de Cu\u00e9llar.<\/p>\n<p>Las medidas del vano del arco conservado nos proporciona datos como que la puerta ser\u00eda de dos hojas y que cada una de ellas tendr\u00eda 3 metros de altura por 2,5 metros de anchura. Tambi\u00e9n \u00a0la puerta conserva un hueco que pertenec\u00eda al espacio ocupado por el rastrillo que tendr\u00eda una anchura m\u00e1xima de 50 cm.<\/p>\n","protected":false},"excerpt":{"rendered":"<p>Puerta de San Andr\u00e9s o puerta de Barrio Nuevo, como se conoc\u00eda al final de la Edad Media. \u00a0De lo que fue una importante puerta solamente se conserva el \u00a0arco exterior de la puerta que es de estilo mud\u00e9jar y est\u00e1 reforzado por un arco de siller\u00eda que adosa sus dovelas al arco de ladrillo. &hellip; <\/p>\n<p><a class=\"more-link btn\" href=\"https:\/\/www.cuellar.es\/murallasdecuellar\/las-murallas-de-cuellar\/descripcion-de-las-murallas\/recinto-murado-de-la-ciudad\/tramo-5-de-la-puerta-de-san-andres-a-la-puerta-de-la-juderia\/la-puerta-de-san-andres\/\">Seguir leyendo<\/a><\/p>\n","protected":false},"author":4,"featured_media":0,"parent":542,"menu_order":1,"comment_status":"closed","ping_status":"closed","template":"","meta":{"ngg_post_thumbnail":0,"footnotes":""},"class_list":["post-544","page","type-page","status-publish","hentry","nodate","item-wrap"],"_links":{"self":[{"href":"https:\/\/www.cuellar.es\/murallasdecuellar\/wp-json\/wp\/v2\/pages\/544","targetHints":{"allow":["GET"]}}],"collection":[{"href":"https:\/\/www.cuellar.es\/murallasdecuellar\/wp-json\/wp\/v2\/pages"}],"about":[{"href":"https:\/\/www.cuellar.es\/murallasdecuellar\/wp-json\/wp\/v2\/types\/page"}],"author":[{"embeddable":true,"href":"https:\/\/www.cuellar.es\/murallasdecuellar\/wp-json\/wp\/v2\/users\/4"}],"replies":[{"embeddable":true,"href":"https:\/\/www.cuellar.es\/murallasdecuellar\/wp-json\/wp\/v2\/comments?post=544"}],"version-history":[{"count":1,"href":"https:\/\/www.cuellar.es\/murallasdecuellar\/wp-json\/wp\/v2\/pages\/544\/revisions"}],"predecessor-version":[{"id":545,"href":"https:\/\/www.cuellar.es\/murallasdecuellar\/wp-json\/wp\/v2\/pages\/544\/revisions\/545"}],"up":[{"embeddable":true,"href":"https:\/\/www.cuellar.es\/murallasdecuellar\/wp-json\/wp\/v2\/pages\/542"}],"wp:attachment":[{"href":"https:\/\/www.cuellar.es\/murallasdecuellar\/wp-json\/wp\/v2\/media?parent=544"}],"curies":[{"name":"wp","href":"https:\/\/api.w.org\/{rel}","templated":true}]}}