{"id":462,"date":"2012-02-04T21:52:39","date_gmt":"2012-02-04T21:52:39","guid":{"rendered":"https:\/\/www.cuellar.es\/murallasdecuellar\/?page_id=462"},"modified":"2012-02-04T21:52:39","modified_gmt":"2012-02-04T21:52:39","slug":"la-contramuralla-bajo-la-calle-de-las-cuevas","status":"publish","type":"page","link":"https:\/\/www.cuellar.es\/murallasdecuellar\/las-murallas-de-cuellar\/descripcion-de-las-murallas\/las-murallas-de-la-ciudadela\/tramo-2-del-castillo-a-la-puerta-de-santiago\/la-puerta-de-las-cuevas-y-su-entorno\/la-contramuralla-bajo-la-calle-de-las-cuevas\/","title":{"rendered":"La contramuralla bajo la calle de las Cuevas"},"content":{"rendered":"<p>Acompa\u00f1ando a la muralla de la ciudad se levant\u00f3 una contramuralla que va en paralelo con la muralla por su lado externo, aunque \u00e9sta de menor tama\u00f1o (70 cm de espesor frente a los cerca de 3 metros que tienen las murallas). En el tramo de la calle de las Cuevas se ha\u00a0 recuperado con la reciente restauraci\u00f3n desde la puerta de Las Cuevas hasta el convento de los Trinitarios.<\/p>\n<p>La contramuralla conserva ocho merlones originales en los que se puede ver que se construyeron con el sistema de encofrado de tapial, donde los tablones tendr\u00edan una anchura de 26 cm formando almenas rectangulares de 85 cm de anchura por 95 cm de altura quedando un hueco o ca\u00f1onera entre almenas de 50 a 55 cm.<\/p>\n<p>Tambi\u00e9n se pueden ver a lo largo del recorrido por la liza las saeteras que iban en dos alturas con formas rectangulares muy alargadas.<\/p>\n<p>La liza o espacio entre la contramuralla y la muralla tiene una anchura que var\u00eda a lo largo de su recorrido entre los 4 y 5 metros.<\/p>\n","protected":false},"excerpt":{"rendered":"<p>Acompa\u00f1ando a la muralla de la ciudad se levant\u00f3 una contramuralla que va en paralelo con la muralla por su lado externo, aunque \u00e9sta de menor tama\u00f1o (70 cm de espesor frente a los cerca de 3 metros que tienen las murallas). En el tramo de la calle de las Cuevas se ha\u00a0 recuperado con &hellip; <\/p>\n<p><a class=\"more-link btn\" href=\"https:\/\/www.cuellar.es\/murallasdecuellar\/las-murallas-de-cuellar\/descripcion-de-las-murallas\/las-murallas-de-la-ciudadela\/tramo-2-del-castillo-a-la-puerta-de-santiago\/la-puerta-de-las-cuevas-y-su-entorno\/la-contramuralla-bajo-la-calle-de-las-cuevas\/\">Seguir leyendo<\/a><\/p>\n","protected":false},"author":4,"featured_media":0,"parent":455,"menu_order":3,"comment_status":"closed","ping_status":"closed","template":"","meta":{"ngg_post_thumbnail":0,"footnotes":""},"class_list":["post-462","page","type-page","status-publish","hentry","nodate","item-wrap"],"_links":{"self":[{"href":"https:\/\/www.cuellar.es\/murallasdecuellar\/wp-json\/wp\/v2\/pages\/462","targetHints":{"allow":["GET"]}}],"collection":[{"href":"https:\/\/www.cuellar.es\/murallasdecuellar\/wp-json\/wp\/v2\/pages"}],"about":[{"href":"https:\/\/www.cuellar.es\/murallasdecuellar\/wp-json\/wp\/v2\/types\/page"}],"author":[{"embeddable":true,"href":"https:\/\/www.cuellar.es\/murallasdecuellar\/wp-json\/wp\/v2\/users\/4"}],"replies":[{"embeddable":true,"href":"https:\/\/www.cuellar.es\/murallasdecuellar\/wp-json\/wp\/v2\/comments?post=462"}],"version-history":[{"count":1,"href":"https:\/\/www.cuellar.es\/murallasdecuellar\/wp-json\/wp\/v2\/pages\/462\/revisions"}],"predecessor-version":[{"id":463,"href":"https:\/\/www.cuellar.es\/murallasdecuellar\/wp-json\/wp\/v2\/pages\/462\/revisions\/463"}],"up":[{"embeddable":true,"href":"https:\/\/www.cuellar.es\/murallasdecuellar\/wp-json\/wp\/v2\/pages\/455"}],"wp:attachment":[{"href":"https:\/\/www.cuellar.es\/murallasdecuellar\/wp-json\/wp\/v2\/media?parent=462"}],"curies":[{"name":"wp","href":"https:\/\/api.w.org\/{rel}","templated":true}]}}