{"id":427,"date":"2012-02-04T20:23:56","date_gmt":"2012-02-04T20:23:56","guid":{"rendered":"https:\/\/www.cuellar.es\/murallasdecuellar\/?page_id=427"},"modified":"2012-03-07T22:45:06","modified_gmt":"2012-03-07T22:45:06","slug":"la-puerta-sureste","status":"publish","type":"page","link":"https:\/\/www.cuellar.es\/murallasdecuellar\/las-murallas-de-cuellar\/descripcion-de-las-murallas\/las-murallas-de-la-ciudadela\/tramo-2-del-castillo-a-la-puerta-de-santiago\/el-castillo\/la-puerta-sureste\/","title":{"rendered":"La puerta sureste"},"content":{"rendered":"<p>Si los primeros documentos escritos sobre el castillo son del siglo XIII, cuando el rey Alfonso X el Sabio permite utilizar la recaudaci\u00f3n de multas para reparar el castillo, los primitivos restos arquitect\u00f3nicos son del siglo XI en la antigua puerta\u00a0\u00a0 mud\u00e9jar del lado sureste del castillo. As\u00ed, ocultos tras los sillares exteriores del torre\u00f3n podemos apreciar arcos de ladrillos, muros de tapial,\u00a0 ventanas y estrechos pasadizos altomedievales mud\u00e9jares. A esta puerta sureste tambi\u00e9n se le conoce como <strong><em>\u201cTorre\u00f3n de la Memoria\u201d<\/em><\/strong> ya que en ella se realizan las representaciones teatralizadas para disfrute de todo aquel\u00a0 que se acerque a este castillo durante cualquier fin de semana,\u00a0 pudiendo convivir con los diferentes personajes que lo habitaron a trav\u00e9s de la magia del teatro.<\/p>\n<p>A pesar de que con la llegada del primer duque de Alburquerque a Cu\u00e9llar se modific\u00f3 en gran parte de la puerta del lado sureste del castillo cubriendo y recreciendo su volumen con una importante cantidad de sillares de piedra caliza, se conservan a la vista\u00a0 muchos restos de la arquitectura mud\u00e9jar anterior: arcos, torres, rastrillo o pasadizos de acceso al <a href=\"https:\/\/www.cuellar.es\/murallasdecuellar\/adarve\/\">adarve<\/a>.<\/p>\n<p><span style=\"text-decoration: underline;\">Torres exteriores<\/span>. Si observamos la puerta desde el exterior vemos que la torre rectangular del lado Este ( 5,2 metros por 2,6 metros de planta) tiene una base de siller\u00eda que llega hasta la l\u00ednea de impostas 4 metros de altura , y a partir de esa altura aparece el muro de mamposter\u00eda con hiladas de un solo ladrillo cada 110 cm. En cuanto a la torre del lado Este, las modificaciones y ampliaciones realizadas por el duque de Alburquerque solamente\u00a0 dejan ver en el exterior restos de la arquitectura mud\u00e9jar el pa\u00f1o interior, donde se aprecian las verdugadas de ladrillo alternado con el muro de mamposter\u00eda.<\/p>\n<p><span style=\"text-decoration: underline;\">Arcos de la puerta<\/span> <span style=\"text-decoration: underline;\">y rastrillos<\/span> (Descripci\u00f3n desde el exterior al interior de la puerta).<\/p>\n<p><em>Primer arco<\/em>. Mirando la puerta desde el exterior de la liza tenemos un primer arco que aunque en la actualidad parece una parte m\u00e1s de la puerta mud\u00e9jar no exist\u00eda cuando la puerta se levant\u00f3 en el siglo XII, ni tampoco con los primeros duques de Alburquerque, ya que se construy\u00f3 cuando la puerta perdi\u00f3 su funci\u00f3n defensiva y se convirti\u00f3 en la cabecera de una capilla que se mand\u00f3 construir en el siglo XVII.<\/p>\n<p><em>Segundo arco<\/em>. Coincidiendo con el final de las dos torres exteriores y el principio de la puerta \u2013lo que fue el primer arco mud\u00e9jar- encontramos un arco de tres roscas recuadrado con un alfiz; apareciendo pintadas la segunda y la tercera roscas imitando ladrillos con su mortero de cal. Bajo el arco doblado de ladrillo colocaron un arco con dovelas de piedra caliza que en parte tambi\u00e9n las enyesaron y pintaron imitando en este caso forma de sillares.<\/p>\n<p><em>Rastrillos<\/em>. Dos rastrillos o peines refuerzan la seguridad de esta puerta. Entrando a la puerta desde el exterior, el primer rastrillo se encontrar\u00eda entre el segundo y tercer arco que estar\u00eda en un espacio hueco que vemos si miramos hacia arriba y que tiene 504 cm de longitud por 65 cm de anchura. No sabemos como\u00a0 era, pero consistir\u00eda en una gran reja met\u00e1lica o de madera que se dejaba caer desde la planta superior para proteger la puerta.<\/p>\n<p>El segundo rastrillo se encontrar\u00eda entre una pareja de arcos, el cuarto y el quinto, que solamente dejan\u00a0 un espacio de 18 cm. lo que nos hace suponer que en este caso se tratar\u00eda de una reja de hierro.<\/p>\n<p><em>Tercer arco. <\/em>De menor tama\u00f1o que los anteriores, conserva en parte -ya que uno de los lados est\u00e1 picada la forma original- su forma original de arco de herradura ligeramente apuntado o t\u00famido realizado con dovelas de piedra y enmarcado por un alfiz de ladrillos. Sobre el alfiz tres peque\u00f1as ventanas, dos cegadas y una con un peque\u00f1o vano rectangular abocinado que servir\u00eda para vigilar la puerta y el rastrillo.<\/p>\n<p><em>Cuarto y quinto arcos<\/em>. En la zona central de la puerta, bajo la b\u00f3veda de ca\u00f1\u00f3n en la que podemos ver las huellas de los tablones de su encofrado restaurados y un hueco con el piso superior que serv\u00eda de vig\u00eda, hay un par de arcos muy juntos de f\u00e1brica de siller\u00eda hasta la l\u00ednea de impostas y de ladrillos los arcos y el alfiz que los enmarca.<\/p>\n<p><em>Sexto arco.<\/em> Este arco desde el interior de la liza corresponde con el pa\u00f1o exterior de la puerta, est\u00e1 bastante restaurado, aunque se aprecia su f\u00e1brica de siller\u00eda de piedra caliza hasta la l\u00ednea de impostas y el resto de ladrillos.<\/p>\n<p>&#8211;\u00a0\u00a0\u00a0\u00a0\u00a0\u00a0\u00a0\u00a0\u00a0 <span style=\"text-decoration: underline;\">Pasadizos de subida por la torre.<\/span> La subida a los espacios superiores se pod\u00eda realizar mediante dos estrechos pasadizos que con b\u00f3vedas de medio ca\u00f1\u00f3n donde se conservan peque\u00f1os arcos de ladrillo mud\u00e9jares y huellas de los tablones del encofrado y se encontraban en cada una de las dos torres que guardaban la puerta.<\/p>\n","protected":false},"excerpt":{"rendered":"<p>Si los primeros documentos escritos sobre el castillo son del siglo XIII, cuando el rey Alfonso X el Sabio permite utilizar la recaudaci\u00f3n de multas para reparar el castillo, los primitivos restos arquitect\u00f3nicos son del siglo XI en la antigua puerta\u00a0\u00a0 mud\u00e9jar del lado sureste del castillo. As\u00ed, ocultos tras los sillares exteriores del torre\u00f3n &hellip; <\/p>\n<p><a class=\"more-link btn\" href=\"https:\/\/www.cuellar.es\/murallasdecuellar\/las-murallas-de-cuellar\/descripcion-de-las-murallas\/las-murallas-de-la-ciudadela\/tramo-2-del-castillo-a-la-puerta-de-santiago\/el-castillo\/la-puerta-sureste\/\">Seguir leyendo<\/a><\/p>\n","protected":false},"author":4,"featured_media":0,"parent":425,"menu_order":1,"comment_status":"closed","ping_status":"closed","template":"","meta":{"ngg_post_thumbnail":0,"footnotes":""},"class_list":["post-427","page","type-page","status-publish","hentry","nodate","item-wrap"],"_links":{"self":[{"href":"https:\/\/www.cuellar.es\/murallasdecuellar\/wp-json\/wp\/v2\/pages\/427","targetHints":{"allow":["GET"]}}],"collection":[{"href":"https:\/\/www.cuellar.es\/murallasdecuellar\/wp-json\/wp\/v2\/pages"}],"about":[{"href":"https:\/\/www.cuellar.es\/murallasdecuellar\/wp-json\/wp\/v2\/types\/page"}],"author":[{"embeddable":true,"href":"https:\/\/www.cuellar.es\/murallasdecuellar\/wp-json\/wp\/v2\/users\/4"}],"replies":[{"embeddable":true,"href":"https:\/\/www.cuellar.es\/murallasdecuellar\/wp-json\/wp\/v2\/comments?post=427"}],"version-history":[{"count":2,"href":"https:\/\/www.cuellar.es\/murallasdecuellar\/wp-json\/wp\/v2\/pages\/427\/revisions"}],"predecessor-version":[{"id":950,"href":"https:\/\/www.cuellar.es\/murallasdecuellar\/wp-json\/wp\/v2\/pages\/427\/revisions\/950"}],"up":[{"embeddable":true,"href":"https:\/\/www.cuellar.es\/murallasdecuellar\/wp-json\/wp\/v2\/pages\/425"}],"wp:attachment":[{"href":"https:\/\/www.cuellar.es\/murallasdecuellar\/wp-json\/wp\/v2\/media?parent=427"}],"curies":[{"name":"wp","href":"https:\/\/api.w.org\/{rel}","templated":true}]}}