{"id":425,"date":"2012-02-04T20:22:04","date_gmt":"2012-02-04T20:22:04","guid":{"rendered":"https:\/\/www.cuellar.es\/murallasdecuellar\/?page_id=425"},"modified":"2012-02-04T20:22:04","modified_gmt":"2012-02-04T20:22:04","slug":"el-castillo","status":"publish","type":"page","link":"https:\/\/www.cuellar.es\/murallasdecuellar\/las-murallas-de-cuellar\/descripcion-de-las-murallas\/las-murallas-de-la-ciudadela\/tramo-2-del-castillo-a-la-puerta-de-santiago\/el-castillo\/","title":{"rendered":"El Castillo"},"content":{"rendered":"<p>El Castillo de Cu\u00e9llar fue declarado junto a las murallas, Monumento Art\u00edstico Nacional en 1931. Se sit\u00faa en la parte m\u00e1s alta de la villa, muy cerca de la carretera de Valladolid. El edificio aparece documentado en 1306, siendo rey Enrique IV, quien cedi\u00f3 la villa de Cu\u00e9llar y el castillo a D. Beltr\u00e1n de la Cueva, Duque de Alburquerque, en 1464. Por ello, tambi\u00e9n es conocido como el palacio de los Duques de Alburquerque. En la puerta sureste se encuentra la parte m\u00e1s antigua de la fortaleza originaria, que podr\u00eda datarse en torno al siglo XII. El castillo tiene planta rectangular con cuatro torres en las esquinas, tres de ellas circulares. En el interior se abre un patio de columnas que sostienen una doble galer\u00eda con arcos rebajados del siglo XVI, al que se abren los diferentes salones decorados con art\u00edsticas techumbres, artesonados de estuco y vigas talladas.<\/p>\n","protected":false},"excerpt":{"rendered":"<p>El Castillo de Cu\u00e9llar fue declarado junto a las murallas, Monumento Art\u00edstico Nacional en 1931. Se sit\u00faa en la parte m\u00e1s alta de la villa, muy cerca de la carretera de Valladolid. El edificio aparece documentado en 1306, siendo rey Enrique IV, quien cedi\u00f3 la villa de Cu\u00e9llar y el castillo a D. Beltr\u00e1n de &hellip; <\/p>\n<p><a class=\"more-link btn\" href=\"https:\/\/www.cuellar.es\/murallasdecuellar\/las-murallas-de-cuellar\/descripcion-de-las-murallas\/las-murallas-de-la-ciudadela\/tramo-2-del-castillo-a-la-puerta-de-santiago\/el-castillo\/\">Seguir leyendo<\/a><\/p>\n","protected":false},"author":4,"featured_media":0,"parent":422,"menu_order":1,"comment_status":"closed","ping_status":"closed","template":"","meta":{"ngg_post_thumbnail":0,"footnotes":""},"class_list":["post-425","page","type-page","status-publish","hentry","nodate","item-wrap"],"_links":{"self":[{"href":"https:\/\/www.cuellar.es\/murallasdecuellar\/wp-json\/wp\/v2\/pages\/425","targetHints":{"allow":["GET"]}}],"collection":[{"href":"https:\/\/www.cuellar.es\/murallasdecuellar\/wp-json\/wp\/v2\/pages"}],"about":[{"href":"https:\/\/www.cuellar.es\/murallasdecuellar\/wp-json\/wp\/v2\/types\/page"}],"author":[{"embeddable":true,"href":"https:\/\/www.cuellar.es\/murallasdecuellar\/wp-json\/wp\/v2\/users\/4"}],"replies":[{"embeddable":true,"href":"https:\/\/www.cuellar.es\/murallasdecuellar\/wp-json\/wp\/v2\/comments?post=425"}],"version-history":[{"count":1,"href":"https:\/\/www.cuellar.es\/murallasdecuellar\/wp-json\/wp\/v2\/pages\/425\/revisions"}],"predecessor-version":[{"id":426,"href":"https:\/\/www.cuellar.es\/murallasdecuellar\/wp-json\/wp\/v2\/pages\/425\/revisions\/426"}],"up":[{"embeddable":true,"href":"https:\/\/www.cuellar.es\/murallasdecuellar\/wp-json\/wp\/v2\/pages\/422"}],"wp:attachment":[{"href":"https:\/\/www.cuellar.es\/murallasdecuellar\/wp-json\/wp\/v2\/media?parent=425"}],"curies":[{"name":"wp","href":"https:\/\/api.w.org\/{rel}","templated":true}]}}