{"id":408,"date":"2012-02-04T19:54:29","date_gmt":"2012-02-04T19:54:29","guid":{"rendered":"https:\/\/www.cuellar.es\/murallasdecuellar\/?page_id=408"},"modified":"2012-02-04T19:54:29","modified_gmt":"2012-02-04T19:54:29","slug":"la-torre-vigia-de-la-puerta","status":"publish","type":"page","link":"https:\/\/www.cuellar.es\/murallasdecuellar\/las-murallas-de-cuellar\/descripcion-de-las-murallas\/las-murallas-de-la-ciudadela\/tramo-1-de-la-puerta-de-san-basilio-al-castillo-de-alburquerque\/puerta-de-san-basilio\/pinceladas-arquitectonicas\/la-torre-vigia-de-la-puerta\/","title":{"rendered":"La Torre vig\u00eda de la puerta"},"content":{"rendered":"<p>Adem\u00e1s d estar protegida la puerta por dos torres adosados a ella, a 16 metros levantaron otra torre que con mejor perspectiva serv\u00eda de guardi\u00e1n de la puerta desde el lado noroeste. Este se levant\u00f3n con una planta semicircular y dos refuerzos a dos lados rectangulares que se encontraban entre la muralla y la torre semicircular. Esta torre corresponde a la primera etapa de construcci\u00f3n de las murallas y conserva gran parte de su construcci\u00f3n\u00a0 mud\u00e9jar en la que despu\u00e9s de un\u00a0 z\u00f3calo de mamposter\u00eda se van alternando las verdugadas de un solo ladrillo cada 120-132 cm.<\/p>\n<p>Singular es tambi\u00e9n el pasadizo que tiene pr\u00e1cticamente a nivel de calle y que repite el mismo esquema que los de la puerta, con una anchura de 105 cm. y una altura de 240 cm se cierra en su parte superior con una media b\u00f3veda de ca\u00f1\u00f3n en la que se pueden apreciar los restos de los tablones del encofrado. Este t\u00fanel fue planificado para evitar tener que salir de la liza desde la puerta de San Basilio hasta el castillo, ya que la torre semicircular superaba el ancho de la liza.<\/p>\n","protected":false},"excerpt":{"rendered":"<p>Adem\u00e1s d estar protegida la puerta por dos torres adosados a ella, a 16 metros levantaron otra torre que con mejor perspectiva serv\u00eda de guardi\u00e1n de la puerta desde el lado noroeste. Este se levant\u00f3n con una planta semicircular y dos refuerzos a dos lados rectangulares que se encontraban entre la muralla y la torre &hellip; <\/p>\n<p><a class=\"more-link btn\" href=\"https:\/\/www.cuellar.es\/murallasdecuellar\/las-murallas-de-cuellar\/descripcion-de-las-murallas\/las-murallas-de-la-ciudadela\/tramo-1-de-la-puerta-de-san-basilio-al-castillo-de-alburquerque\/puerta-de-san-basilio\/pinceladas-arquitectonicas\/la-torre-vigia-de-la-puerta\/\">Seguir leyendo<\/a><\/p>\n","protected":false},"author":4,"featured_media":0,"parent":396,"menu_order":4,"comment_status":"closed","ping_status":"closed","template":"","meta":{"ngg_post_thumbnail":0,"footnotes":""},"class_list":["post-408","page","type-page","status-publish","hentry","nodate","item-wrap"],"_links":{"self":[{"href":"https:\/\/www.cuellar.es\/murallasdecuellar\/wp-json\/wp\/v2\/pages\/408","targetHints":{"allow":["GET"]}}],"collection":[{"href":"https:\/\/www.cuellar.es\/murallasdecuellar\/wp-json\/wp\/v2\/pages"}],"about":[{"href":"https:\/\/www.cuellar.es\/murallasdecuellar\/wp-json\/wp\/v2\/types\/page"}],"author":[{"embeddable":true,"href":"https:\/\/www.cuellar.es\/murallasdecuellar\/wp-json\/wp\/v2\/users\/4"}],"replies":[{"embeddable":true,"href":"https:\/\/www.cuellar.es\/murallasdecuellar\/wp-json\/wp\/v2\/comments?post=408"}],"version-history":[{"count":2,"href":"https:\/\/www.cuellar.es\/murallasdecuellar\/wp-json\/wp\/v2\/pages\/408\/revisions"}],"predecessor-version":[{"id":410,"href":"https:\/\/www.cuellar.es\/murallasdecuellar\/wp-json\/wp\/v2\/pages\/408\/revisions\/410"}],"up":[{"embeddable":true,"href":"https:\/\/www.cuellar.es\/murallasdecuellar\/wp-json\/wp\/v2\/pages\/396"}],"wp:attachment":[{"href":"https:\/\/www.cuellar.es\/murallasdecuellar\/wp-json\/wp\/v2\/media?parent=408"}],"curies":[{"name":"wp","href":"https:\/\/api.w.org\/{rel}","templated":true}]}}