{"id":403,"date":"2012-02-04T19:46:32","date_gmt":"2012-02-04T19:46:32","guid":{"rendered":"https:\/\/www.cuellar.es\/murallasdecuellar\/?page_id=403"},"modified":"2012-03-07T22:44:34","modified_gmt":"2012-03-07T22:44:34","slug":"la-puerta-de-san-basilio-desde-el-interior-de-la-ciudadela","status":"publish","type":"page","link":"https:\/\/www.cuellar.es\/murallasdecuellar\/las-murallas-de-cuellar\/descripcion-de-las-murallas\/las-murallas-de-la-ciudadela\/tramo-1-de-la-puerta-de-san-basilio-al-castillo-de-alburquerque\/puerta-de-san-basilio\/pinceladas-arquitectonicas\/la-puerta-de-san-basilio-desde-el-interior-de-la-ciudadela\/","title":{"rendered":"La puerta de San Basilio desde el interior de la ciudadela"},"content":{"rendered":"<p>La vista que nos encontramos en la actualidad es una visi\u00f3n modificada del original que por su nivel de deterioro tuvo que ser restaurada parcialmente en los primeros a\u00f1os de la d\u00e9cada de los setenta del siglo XX a\u00f1adi\u00e9ndose con toda probabilidad un excesivo \u201cforrado\u201d\u00a0 de ladrillo que le da una imagen muy diferente de la que vemos en alguna fotograf\u00eda antigua donde se aprecia una puerta con m\u00e1s paramentos de mamposter\u00eda \u00a0que de ladrillo.<\/p>\n<p>Por otro lado, si nos imaginamos como ser\u00eda la puerta original \u00a0tenemos suponer tendr\u00eda bastante m\u00e1s altura, encontr\u00e1ndose cerrado por varios metros m\u00e1s de muros lo que en la actualidad es el primer nivel del <a href=\"https:\/\/www.cuellar.es\/murallasdecuellar\/adarve\/\">adarve<\/a> que ser\u00eda una estancia rectangular sobre la puerta, llegando a ser la parte interior de la puerta \u00a0la misma altura que el resto, lo que supondr\u00eda tener originariamente s\u00f3lo un paseo de ronda.<\/p>\n<p><span style=\"text-decoration: underline;\">La subida al <a href=\"https:\/\/www.cuellar.es\/murallasdecuellar\/adarve\/\">adarve<\/a><\/span>. Dos pasadizos realizados con b\u00f3vedas de medio ca\u00f1\u00f3n se encuentran a ambos lados de la puerta por los que se pod\u00eda llegar a coronar la muralla. En la actualidad, desde la calle solamente est\u00e1 habilitado el pasadizo del lado Oeste de la puerta, que mediante una subida en recodo nos lleva a la primera l\u00ednea del <a href=\"https:\/\/www.cuellar.es\/murallasdecuellar\/adarve\/\">adarve<\/a>. La subida a la parte superior se puede hacer por dos escaleras laterales que conducen a la parte superior de los dos torreones.<\/p>\n","protected":false},"excerpt":{"rendered":"<p>La vista que nos encontramos en la actualidad es una visi\u00f3n modificada del original que por su nivel de deterioro tuvo que ser restaurada parcialmente en los primeros a\u00f1os de la d\u00e9cada de los setenta del siglo XX a\u00f1adi\u00e9ndose con toda probabilidad un excesivo \u201cforrado\u201d\u00a0 de ladrillo que le da una imagen muy diferente de &hellip; <\/p>\n<p><a class=\"more-link btn\" href=\"https:\/\/www.cuellar.es\/murallasdecuellar\/las-murallas-de-cuellar\/descripcion-de-las-murallas\/las-murallas-de-la-ciudadela\/tramo-1-de-la-puerta-de-san-basilio-al-castillo-de-alburquerque\/puerta-de-san-basilio\/pinceladas-arquitectonicas\/la-puerta-de-san-basilio-desde-el-interior-de-la-ciudadela\/\">Seguir leyendo<\/a><\/p>\n","protected":false},"author":4,"featured_media":0,"parent":396,"menu_order":2,"comment_status":"closed","ping_status":"closed","template":"","meta":{"ngg_post_thumbnail":0,"footnotes":""},"class_list":["post-403","page","type-page","status-publish","hentry","nodate","item-wrap"],"_links":{"self":[{"href":"https:\/\/www.cuellar.es\/murallasdecuellar\/wp-json\/wp\/v2\/pages\/403","targetHints":{"allow":["GET"]}}],"collection":[{"href":"https:\/\/www.cuellar.es\/murallasdecuellar\/wp-json\/wp\/v2\/pages"}],"about":[{"href":"https:\/\/www.cuellar.es\/murallasdecuellar\/wp-json\/wp\/v2\/types\/page"}],"author":[{"embeddable":true,"href":"https:\/\/www.cuellar.es\/murallasdecuellar\/wp-json\/wp\/v2\/users\/4"}],"replies":[{"embeddable":true,"href":"https:\/\/www.cuellar.es\/murallasdecuellar\/wp-json\/wp\/v2\/comments?post=403"}],"version-history":[{"count":3,"href":"https:\/\/www.cuellar.es\/murallasdecuellar\/wp-json\/wp\/v2\/pages\/403\/revisions"}],"predecessor-version":[{"id":945,"href":"https:\/\/www.cuellar.es\/murallasdecuellar\/wp-json\/wp\/v2\/pages\/403\/revisions\/945"}],"up":[{"embeddable":true,"href":"https:\/\/www.cuellar.es\/murallasdecuellar\/wp-json\/wp\/v2\/pages\/396"}],"wp:attachment":[{"href":"https:\/\/www.cuellar.es\/murallasdecuellar\/wp-json\/wp\/v2\/media?parent=403"}],"curies":[{"name":"wp","href":"https:\/\/api.w.org\/{rel}","templated":true}]}}